{"id":13821,"date":"2024-09-09T09:44:28","date_gmt":"2024-09-09T07:44:28","guid":{"rendered":"https:\/\/www.labolife.com\/?page_id=13821"},"modified":"2024-09-09T09:59:52","modified_gmt":"2024-09-09T07:59:52","slug":"proyecto-de-id-en-evaluacion-preclinica-evasem","status":"publish","type":"page","link":"https:\/\/www.labolife.com\/es\/proyecto-de-id-en-evaluacion-preclinica-evasem\/","title":{"rendered":"Proyecto de I+D en evaluaci\u00f3n precl\u00ednica EvaSEM"},"content":{"rendered":"\t\t<div data-elementor-type=\"wp-page\" data-elementor-id=\"13821\" class=\"elementor elementor-13821\" data-elementor-post-type=\"page\">\n\t\t\t\t\t\t<section class=\"elementor-section elementor-top-section elementor-element elementor-element-d48e58d elementor-section-full_width elementor-section-height-min-height elementor-section-height-default elementor-section-items-middle\" data-id=\"d48e58d\" data-element_type=\"section\" data-settings=\"{&quot;background_background&quot;:&quot;classic&quot;,&quot;jet_parallax_layout_list&quot;:[]}\">\n\t\t\t\t\t\t\t<div class=\"elementor-background-overlay\"><\/div>\n\t\t\t\t\t\t\t<div class=\"elementor-container elementor-column-gap-no\">\n\t\t\t\t\t<div class=\"elementor-column elementor-col-100 elementor-top-column elementor-element elementor-element-5f00f81\" data-id=\"5f00f81\" data-element_type=\"column\" data-settings=\"{&quot;background_background&quot;:&quot;classic&quot;}\">\n\t\t\t<div class=\"elementor-widget-wrap elementor-element-populated\">\n\t\t\t\t\t\t<div class=\"elementor-element elementor-element-24a4626 elementor-widget__width-initial elementor-widget-tablet__width-inherit elementor-widget-mobile__width-inherit elementor-widget elementor-widget-heading\" data-id=\"24a4626\" data-element_type=\"widget\" data-widget_type=\"heading.default\">\n\t\t\t\t<div class=\"elementor-widget-container\">\n\t\t\t\t\t<h1 class=\"elementor-heading-title elementor-size-default\">Proyecto de I+D en evaluaci\u00f3n precl\u00ednica EvaSEM<\/h1>\t\t\t\t<\/div>\n\t\t\t\t<\/div>\n\t\t\t\t\t<\/div>\n\t\t<\/div>\n\t\t\t\t\t<\/div>\n\t\t<\/section>\n\t\t\t\t<section class=\"elementor-section elementor-top-section elementor-element elementor-element-1f41ce4 elementor-section-full_width elementor-section-height-default elementor-section-height-default\" data-id=\"1f41ce4\" data-element_type=\"section\" data-settings=\"{&quot;jet_parallax_layout_list&quot;:[],&quot;background_background&quot;:&quot;classic&quot;}\">\n\t\t\t\t\t\t\t<div class=\"elementor-background-overlay\"><\/div>\n\t\t\t\t\t\t\t<div class=\"elementor-container elementor-column-gap-no\">\n\t\t\t\t\t<div class=\"elementor-column elementor-col-100 elementor-top-column elementor-element elementor-element-67f79ab\" data-id=\"67f79ab\" data-element_type=\"column\">\n\t\t\t<div class=\"elementor-widget-wrap elementor-element-populated\">\n\t\t\t\t\t\t<section class=\"elementor-section elementor-inner-section elementor-element elementor-element-7003e1c elementor-section-content-middle radius-bottom-25 elementor-section-boxed elementor-section-height-default elementor-section-height-default\" data-id=\"7003e1c\" data-element_type=\"section\" data-settings=\"{&quot;jet_parallax_layout_list&quot;:[],&quot;background_background&quot;:&quot;classic&quot;}\">\n\t\t\t\t\t\t<div class=\"elementor-container elementor-column-gap-no\">\n\t\t\t\t\t<div class=\"elementor-column elementor-col-100 elementor-inner-column elementor-element elementor-element-435432c\" data-id=\"435432c\" data-element_type=\"column\">\n\t\t\t<div class=\"elementor-widget-wrap elementor-element-populated\">\n\t\t\t\t\t\t<div class=\"elementor-element elementor-element-8f63b3e elementor-widget elementor-widget-text-editor\" data-id=\"8f63b3e\" data-element_type=\"widget\" data-widget_type=\"text-editor.default\">\n\t\t\t\t<div class=\"elementor-widget-container\">\n\t\t\t\t\t\t\t\t\t<h2 style=\"text-align: center;\">Convocatoria de ayudas para empresas y agrupaciones sin \u00e1nimo de lucro para dar soporte a proyectos de investigaci\u00f3n cient\u00edfica aplicada, cofinanciada por el fondo FEDER y el fondo ITS (PINEM23)<\/h2><p style=\"text-align: center;\"><span style=\"font-weight: 400;\"><br \/>Labo\u2019life ha recibido una ayuda de esta convocatoria que tiene por objetivo dar apoyo a proyectos de investigaci\u00f3n cient\u00edfica aplicada, en concreto el <span style=\"color: #0052da;\"><strong>Proyecto de I+D en evaluaci\u00f3n precl\u00ednica EvaSEM<\/strong><\/span>.<br \/><\/span><\/p>\t\t\t\t\t\t\t\t<\/div>\n\t\t\t\t<\/div>\n\t\t\t\t\t<\/div>\n\t\t<\/div>\n\t\t\t\t\t<\/div>\n\t\t<\/section>\n\t\t\t\t<div class=\"elementor-element elementor-element-fdec54e elementor-widget elementor-widget-image\" data-id=\"fdec54e\" data-element_type=\"widget\" data-widget_type=\"image.default\">\n\t\t\t\t<div class=\"elementor-widget-container\">\n\t\t\t\t\t\t\t\t\t\t\t\t\t\t\t<img fetchpriority=\"high\" decoding=\"async\" width=\"800\" height=\"179\" src=\"https:\/\/www.labolife.com\/wp-content\/uploads\/2024\/09\/Logos-reconocimiento-LL-2-1024x229.jpg\" class=\"attachment-large size-large wp-image-13794\" alt=\"\" srcset=\"https:\/\/www.labolife.com\/wp-content\/uploads\/2024\/09\/Logos-reconocimiento-LL-2-1024x229.jpg 1024w, https:\/\/www.labolife.com\/wp-content\/uploads\/2024\/09\/Logos-reconocimiento-LL-2-300x67.jpg 300w, https:\/\/www.labolife.com\/wp-content\/uploads\/2024\/09\/Logos-reconocimiento-LL-2-768x172.jpg 768w, https:\/\/www.labolife.com\/wp-content\/uploads\/2024\/09\/Logos-reconocimiento-LL-2-1536x344.jpg 1536w, https:\/\/www.labolife.com\/wp-content\/uploads\/2024\/09\/Logos-reconocimiento-LL-2-2048x459.jpg 2048w\" sizes=\"(max-width: 800px) 100vw, 800px\" \/>\t\t\t\t\t\t\t\t\t\t\t\t\t\t\t<\/div>\n\t\t\t\t<\/div>\n\t\t\t\t<div class=\"elementor-element elementor-element-97127c7 elementor-widget elementor-widget-spacer\" data-id=\"97127c7\" data-element_type=\"widget\" data-widget_type=\"spacer.default\">\n\t\t\t\t<div class=\"elementor-widget-container\">\n\t\t\t\t\t\t\t<div class=\"elementor-spacer\">\n\t\t\t<div class=\"elementor-spacer-inner\"><\/div>\n\t\t<\/div>\n\t\t\t\t\t\t<\/div>\n\t\t\t\t<\/div>\n\t\t\t\t\t<\/div>\n\t\t<\/div>\n\t\t\t\t\t<\/div>\n\t\t<\/section>\n\t\t\t\t<section class=\"elementor-section elementor-top-section elementor-element elementor-element-efb38a2 elementor-section-full_width elementor-section-height-default elementor-section-height-default\" data-id=\"efb38a2\" data-element_type=\"section\" data-settings=\"{&quot;jet_parallax_layout_list&quot;:[]}\">\n\t\t\t\t\t\t<div class=\"elementor-container elementor-column-gap-no\">\n\t\t\t\t\t<div class=\"elementor-column elementor-col-100 elementor-top-column elementor-element elementor-element-09ae767\" data-id=\"09ae767\" data-element_type=\"column\">\n\t\t\t<div class=\"elementor-widget-wrap elementor-element-populated\">\n\t\t\t\t\t\t<section class=\"elementor-section elementor-inner-section elementor-element elementor-element-5fe1469 elementor-section-full_width elementor-section-height-default elementor-section-height-default\" data-id=\"5fe1469\" data-element_type=\"section\" data-settings=\"{&quot;jet_parallax_layout_list&quot;:[]}\">\n\t\t\t\t\t\t<div class=\"elementor-container elementor-column-gap-no\">\n\t\t\t\t\t<div class=\"elementor-column elementor-col-100 elementor-inner-column elementor-element elementor-element-4c748d7\" data-id=\"4c748d7\" data-element_type=\"column\">\n\t\t\t<div class=\"elementor-widget-wrap\">\n\t\t\t\t\t\t\t<\/div>\n\t\t<\/div>\n\t\t\t\t\t<\/div>\n\t\t<\/section>\n\t\t\t\t\t<\/div>\n\t\t<\/div>\n\t\t\t\t\t<\/div>\n\t\t<\/section>\n\t\t\t\t<\/div>\n\t\t","protected":false},"excerpt":{"rendered":"<p>Proyecto de I+D en evaluaci\u00f3n precl\u00ednica EvaSEM Convocatoria de ayudas para empresas y agrupaciones sin \u00e1nimo de lucro para dar soporte a proyectos de investigaci\u00f3n cient\u00edfica aplicada, cofinanciada por el fondo FEDER y el fondo ITS (PINEM23) Labo\u2019life ha recibido una ayuda de esta convocatoria que tiene por objetivo dar apoyo a proyectos de investigaci\u00f3n [&hellip;]<\/p>\n","protected":false},"author":6,"featured_media":9434,"parent":0,"menu_order":0,"comment_status":"closed","ping_status":"closed","template":"","meta":{"footnotes":""},"class_list":["post-13821","page","type-page","status-publish","has-post-thumbnail","hentry"],"yoast_head":"<!-- This site is optimized with the Yoast SEO plugin v26.8 - https:\/\/yoast.com\/product\/yoast-seo-wordpress\/ -->\n<title>Proyecto de I+D en evaluaci\u00f3n precl\u00ednica EvaSEM - Labo\u2019life<\/title>\n<meta name=\"description\" content=\"Informaci\u00f3n de la ayuda recibida para el proyecto de I+D en evaluaci\u00f3n precl\u00ednica EvaSEM por parte de FEDER y del Impost de Turisme Sostenible\" \/>\n<meta name=\"robots\" content=\"index, follow, max-snippet:-1, max-image-preview:large, max-video-preview:-1\" \/>\n<link rel=\"canonical\" href=\"https:\/\/www.labolife.com\/es\/proyecto-de-id-en-evaluacion-preclinica-evasem\/\" \/>\n<meta property=\"og:locale\" content=\"es_ES\" \/>\n<meta property=\"og:type\" content=\"article\" \/>\n<meta property=\"og:title\" content=\"Proyecto de I+D en evaluaci\u00f3n precl\u00ednica EvaSEM - Labo\u2019life\" \/>\n<meta property=\"og:description\" content=\"Informaci\u00f3n de la ayuda recibida para el proyecto de I+D en evaluaci\u00f3n precl\u00ednica EvaSEM por parte de FEDER y del Impost de Turisme Sostenible\" \/>\n<meta property=\"og:url\" content=\"https:\/\/www.labolife.com\/es\/proyecto-de-id-en-evaluacion-preclinica-evasem\/\" \/>\n<meta property=\"og:site_name\" content=\"Labo\u2019life\" \/>\n<meta property=\"article:modified_time\" content=\"2024-09-09T07:59:52+00:00\" \/>\n<meta property=\"og:image\" content=\"https:\/\/www.labolife.com\/wp-content\/uploads\/2023\/06\/AdobeStock_265265863-scaled.jpeg\" \/>\n\t<meta property=\"og:image:width\" content=\"2560\" \/>\n\t<meta property=\"og:image:height\" content=\"1707\" \/>\n\t<meta property=\"og:image:type\" content=\"image\/jpeg\" \/>\n<meta name=\"twitter:card\" content=\"summary_large_image\" \/>\n<meta name=\"twitter:label1\" content=\"Tiempo de lectura\" \/>\n\t<meta name=\"twitter:data1\" content=\"1 minuto\" \/>\n<script type=\"application\/ld+json\" class=\"yoast-schema-graph\">{\"@context\":\"https:\/\/schema.org\",\"@graph\":[{\"@type\":\"WebPage\",\"@id\":\"https:\/\/www.labolife.com\/es\/proyecto-de-id-en-evaluacion-preclinica-evasem\/\",\"url\":\"https:\/\/www.labolife.com\/es\/proyecto-de-id-en-evaluacion-preclinica-evasem\/\",\"name\":\"Proyecto de I+D en evaluaci\u00f3n precl\u00ednica EvaSEM - Labo\u2019life\",\"isPartOf\":{\"@id\":\"https:\/\/www.labolife.com\/es\/#website\"},\"primaryImageOfPage\":{\"@id\":\"https:\/\/www.labolife.com\/es\/proyecto-de-id-en-evaluacion-preclinica-evasem\/#primaryimage\"},\"image\":{\"@id\":\"https:\/\/www.labolife.com\/es\/proyecto-de-id-en-evaluacion-preclinica-evasem\/#primaryimage\"},\"thumbnailUrl\":\"https:\/\/www.labolife.com\/wp-content\/uploads\/2023\/06\/AdobeStock_265265863-scaled.jpeg\",\"datePublished\":\"2024-09-09T07:44:28+00:00\",\"dateModified\":\"2024-09-09T07:59:52+00:00\",\"description\":\"Informaci\u00f3n de la ayuda recibida para el proyecto de I+D en evaluaci\u00f3n precl\u00ednica EvaSEM por parte de FEDER y del Impost de Turisme Sostenible\",\"breadcrumb\":{\"@id\":\"https:\/\/www.labolife.com\/es\/proyecto-de-id-en-evaluacion-preclinica-evasem\/#breadcrumb\"},\"inLanguage\":\"es\",\"potentialAction\":[{\"@type\":\"ReadAction\",\"target\":[\"https:\/\/www.labolife.com\/es\/proyecto-de-id-en-evaluacion-preclinica-evasem\/\"]}]},{\"@type\":\"ImageObject\",\"inLanguage\":\"es\",\"@id\":\"https:\/\/www.labolife.com\/es\/proyecto-de-id-en-evaluacion-preclinica-evasem\/#primaryimage\",\"url\":\"https:\/\/www.labolife.com\/wp-content\/uploads\/2023\/06\/AdobeStock_265265863-scaled.jpeg\",\"contentUrl\":\"https:\/\/www.labolife.com\/wp-content\/uploads\/2023\/06\/AdobeStock_265265863-scaled.jpeg\",\"width\":2560,\"height\":1707,\"caption\":\"Serious concentrated female microbiologist in sterile clothing and safety goggles sitting at table and dropping reagent in petri dish while doing research in laboratory\"},{\"@type\":\"BreadcrumbList\",\"@id\":\"https:\/\/www.labolife.com\/es\/proyecto-de-id-en-evaluacion-preclinica-evasem\/#breadcrumb\",\"itemListElement\":[{\"@type\":\"ListItem\",\"position\":1,\"name\":\"Portada\",\"item\":\"https:\/\/www.labolife.com\/es\/\"},{\"@type\":\"ListItem\",\"position\":2,\"name\":\"Proyecto de I+D en evaluaci\u00f3n precl\u00ednica EvaSEM\"}]},{\"@type\":\"WebSite\",\"@id\":\"https:\/\/www.labolife.com\/es\/#website\",\"url\":\"https:\/\/www.labolife.com\/es\/\",\"name\":\"Labo\u2019life\",\"description\":\"\",\"publisher\":{\"@id\":\"https:\/\/www.labolife.com\/es\/#organization\"},\"potentialAction\":[{\"@type\":\"SearchAction\",\"target\":{\"@type\":\"EntryPoint\",\"urlTemplate\":\"https:\/\/www.labolife.com\/es\/?s={search_term_string}\"},\"query-input\":{\"@type\":\"PropertyValueSpecification\",\"valueRequired\":true,\"valueName\":\"search_term_string\"}}],\"inLanguage\":\"es\"},{\"@type\":\"Organization\",\"@id\":\"https:\/\/www.labolife.com\/es\/#organization\",\"name\":\"Labo\u00b4Life\",\"url\":\"https:\/\/www.labolife.com\/es\/\",\"logo\":{\"@type\":\"ImageObject\",\"inLanguage\":\"es\",\"@id\":\"https:\/\/www.labolife.com\/es\/#\/schema\/logo\/image\/\",\"url\":\"https:\/\/www.labolife.com\/wp-content\/uploads\/2023\/11\/logo-labolife.png\",\"contentUrl\":\"https:\/\/www.labolife.com\/wp-content\/uploads\/2023\/11\/logo-labolife.png\",\"width\":1148,\"height\":200,\"caption\":\"Labo\u00b4Life\"},\"image\":{\"@id\":\"https:\/\/www.labolife.com\/es\/#\/schema\/logo\/image\/\"}}]}<\/script>\n<!-- \/ Yoast SEO plugin. -->","yoast_head_json":{"title":"Proyecto de I+D en evaluaci\u00f3n precl\u00ednica EvaSEM - Labo\u2019life","description":"Informaci\u00f3n de la ayuda recibida para el proyecto de I+D en evaluaci\u00f3n precl\u00ednica EvaSEM por parte de FEDER y del Impost de Turisme Sostenible","robots":{"index":"index","follow":"follow","max-snippet":"max-snippet:-1","max-image-preview":"max-image-preview:large","max-video-preview":"max-video-preview:-1"},"canonical":"https:\/\/www.labolife.com\/es\/proyecto-de-id-en-evaluacion-preclinica-evasem\/","og_locale":"es_ES","og_type":"article","og_title":"Proyecto de I+D en evaluaci\u00f3n precl\u00ednica EvaSEM - Labo\u2019life","og_description":"Informaci\u00f3n de la ayuda recibida para el proyecto de I+D en evaluaci\u00f3n precl\u00ednica EvaSEM por parte de FEDER y del Impost de Turisme Sostenible","og_url":"https:\/\/www.labolife.com\/es\/proyecto-de-id-en-evaluacion-preclinica-evasem\/","og_site_name":"Labo\u2019life","article_modified_time":"2024-09-09T07:59:52+00:00","og_image":[{"width":2560,"height":1707,"url":"https:\/\/www.labolife.com\/wp-content\/uploads\/2023\/06\/AdobeStock_265265863-scaled.jpeg","type":"image\/jpeg"}],"twitter_card":"summary_large_image","twitter_misc":{"Tiempo de lectura":"1 minuto"},"schema":{"@context":"https:\/\/schema.org","@graph":[{"@type":"WebPage","@id":"https:\/\/www.labolife.com\/es\/proyecto-de-id-en-evaluacion-preclinica-evasem\/","url":"https:\/\/www.labolife.com\/es\/proyecto-de-id-en-evaluacion-preclinica-evasem\/","name":"Proyecto de I+D en evaluaci\u00f3n precl\u00ednica EvaSEM - Labo\u2019life","isPartOf":{"@id":"https:\/\/www.labolife.com\/es\/#website"},"primaryImageOfPage":{"@id":"https:\/\/www.labolife.com\/es\/proyecto-de-id-en-evaluacion-preclinica-evasem\/#primaryimage"},"image":{"@id":"https:\/\/www.labolife.com\/es\/proyecto-de-id-en-evaluacion-preclinica-evasem\/#primaryimage"},"thumbnailUrl":"https:\/\/www.labolife.com\/wp-content\/uploads\/2023\/06\/AdobeStock_265265863-scaled.jpeg","datePublished":"2024-09-09T07:44:28+00:00","dateModified":"2024-09-09T07:59:52+00:00","description":"Informaci\u00f3n de la ayuda recibida para el proyecto de I+D en evaluaci\u00f3n precl\u00ednica EvaSEM por parte de FEDER y del Impost de Turisme Sostenible","breadcrumb":{"@id":"https:\/\/www.labolife.com\/es\/proyecto-de-id-en-evaluacion-preclinica-evasem\/#breadcrumb"},"inLanguage":"es","potentialAction":[{"@type":"ReadAction","target":["https:\/\/www.labolife.com\/es\/proyecto-de-id-en-evaluacion-preclinica-evasem\/"]}]},{"@type":"ImageObject","inLanguage":"es","@id":"https:\/\/www.labolife.com\/es\/proyecto-de-id-en-evaluacion-preclinica-evasem\/#primaryimage","url":"https:\/\/www.labolife.com\/wp-content\/uploads\/2023\/06\/AdobeStock_265265863-scaled.jpeg","contentUrl":"https:\/\/www.labolife.com\/wp-content\/uploads\/2023\/06\/AdobeStock_265265863-scaled.jpeg","width":2560,"height":1707,"caption":"Serious concentrated female microbiologist in sterile clothing and safety goggles sitting at table and dropping reagent in petri dish while doing research in laboratory"},{"@type":"BreadcrumbList","@id":"https:\/\/www.labolife.com\/es\/proyecto-de-id-en-evaluacion-preclinica-evasem\/#breadcrumb","itemListElement":[{"@type":"ListItem","position":1,"name":"Portada","item":"https:\/\/www.labolife.com\/es\/"},{"@type":"ListItem","position":2,"name":"Proyecto de I+D en evaluaci\u00f3n precl\u00ednica EvaSEM"}]},{"@type":"WebSite","@id":"https:\/\/www.labolife.com\/es\/#website","url":"https:\/\/www.labolife.com\/es\/","name":"Labo\u2019life","description":"","publisher":{"@id":"https:\/\/www.labolife.com\/es\/#organization"},"potentialAction":[{"@type":"SearchAction","target":{"@type":"EntryPoint","urlTemplate":"https:\/\/www.labolife.com\/es\/?s={search_term_string}"},"query-input":{"@type":"PropertyValueSpecification","valueRequired":true,"valueName":"search_term_string"}}],"inLanguage":"es"},{"@type":"Organization","@id":"https:\/\/www.labolife.com\/es\/#organization","name":"Labo\u00b4Life","url":"https:\/\/www.labolife.com\/es\/","logo":{"@type":"ImageObject","inLanguage":"es","@id":"https:\/\/www.labolife.com\/es\/#\/schema\/logo\/image\/","url":"https:\/\/www.labolife.com\/wp-content\/uploads\/2023\/11\/logo-labolife.png","contentUrl":"https:\/\/www.labolife.com\/wp-content\/uploads\/2023\/11\/logo-labolife.png","width":1148,"height":200,"caption":"Labo\u00b4Life"},"image":{"@id":"https:\/\/www.labolife.com\/es\/#\/schema\/logo\/image\/"}}]}},"_links":{"self":[{"href":"https:\/\/www.labolife.com\/es\/wp-json\/wp\/v2\/pages\/13821","targetHints":{"allow":["GET"]}}],"collection":[{"href":"https:\/\/www.labolife.com\/es\/wp-json\/wp\/v2\/pages"}],"about":[{"href":"https:\/\/www.labolife.com\/es\/wp-json\/wp\/v2\/types\/page"}],"author":[{"embeddable":true,"href":"https:\/\/www.labolife.com\/es\/wp-json\/wp\/v2\/users\/6"}],"replies":[{"embeddable":true,"href":"https:\/\/www.labolife.com\/es\/wp-json\/wp\/v2\/comments?post=13821"}],"version-history":[{"count":10,"href":"https:\/\/www.labolife.com\/es\/wp-json\/wp\/v2\/pages\/13821\/revisions"}],"predecessor-version":[{"id":13854,"href":"https:\/\/www.labolife.com\/es\/wp-json\/wp\/v2\/pages\/13821\/revisions\/13854"}],"wp:featuredmedia":[{"embeddable":true,"href":"https:\/\/www.labolife.com\/es\/wp-json\/wp\/v2\/media\/9434"}],"wp:attachment":[{"href":"https:\/\/www.labolife.com\/es\/wp-json\/wp\/v2\/media?parent=13821"}],"curies":[{"name":"wp","href":"https:\/\/api.w.org\/{rel}","templated":true}]}}