{"id":6203,"date":"2023-02-20T09:56:38","date_gmt":"2023-02-20T07:56:38","guid":{"rendered":"https:\/\/www.labolife.com\/?page_id=6203"},"modified":"2023-09-18T15:19:17","modified_gmt":"2023-09-18T13:19:17","slug":"renovamos-nuestra-marca-con-motivo-de-nuestro-30-aniversario","status":"publish","type":"page","link":"https:\/\/www.labolife.com\/es\/renovamos-nuestra-marca-con-motivo-de-nuestro-30-aniversario\/","title":{"rendered":"Renovamos nuestra marca, con motivo de nuestro 30 aniversario"},"content":{"rendered":"\t\t<div data-elementor-type=\"wp-page\" data-elementor-id=\"6203\" class=\"elementor elementor-6203 elementor-6201\" data-elementor-post-type=\"page\">\n\t\t\t\t\t\t<section class=\"elementor-section elementor-top-section elementor-element elementor-element-d48e58d elementor-section-full_width elementor-section-height-min-height elementor-section-height-default elementor-section-items-middle\" data-id=\"d48e58d\" data-element_type=\"section\" data-settings=\"{&quot;background_background&quot;:&quot;classic&quot;,&quot;jet_parallax_layout_list&quot;:[]}\">\n\t\t\t\t\t\t\t<div class=\"elementor-background-overlay\"><\/div>\n\t\t\t\t\t\t\t<div class=\"elementor-container elementor-column-gap-no\">\n\t\t\t\t\t<div class=\"elementor-column elementor-col-100 elementor-top-column elementor-element elementor-element-5f00f81\" data-id=\"5f00f81\" data-element_type=\"column\" data-settings=\"{&quot;background_background&quot;:&quot;classic&quot;}\">\n\t\t\t<div class=\"elementor-widget-wrap elementor-element-populated\">\n\t\t\t\t\t\t<div class=\"elementor-element elementor-element-24a4626 elementor-widget__width-initial elementor-widget-tablet__width-inherit elementor-widget-mobile__width-inherit elementor-widget elementor-widget-heading\" data-id=\"24a4626\" data-element_type=\"widget\" data-widget_type=\"heading.default\">\n\t\t\t\t<div class=\"elementor-widget-container\">\n\t\t\t\t\t<h1 class=\"elementor-heading-title elementor-size-default\">Renovamos nuestra marca, con motivo de nuestro 30 aniversario<\/h1>\t\t\t\t<\/div>\n\t\t\t\t<\/div>\n\t\t\t\t\t<\/div>\n\t\t<\/div>\n\t\t\t\t\t<\/div>\n\t\t<\/section>\n\t\t\t\t<section class=\"elementor-section elementor-top-section elementor-element elementor-element-672daee elementor-section-boxed elementor-section-height-default elementor-section-height-default\" data-id=\"672daee\" data-element_type=\"section\" data-settings=\"{&quot;jet_parallax_layout_list&quot;:[]}\">\n\t\t\t\t\t\t<div class=\"elementor-container elementor-column-gap-default\">\n\t\t\t\t\t<div class=\"elementor-column elementor-col-100 elementor-top-column elementor-element elementor-element-970f128\" data-id=\"970f128\" data-element_type=\"column\">\n\t\t\t<div class=\"elementor-widget-wrap elementor-element-populated\">\n\t\t\t\t\t\t<div class=\"elementor-element elementor-element-cc5587d elementor-widget elementor-widget-spacer\" data-id=\"cc5587d\" data-element_type=\"widget\" data-widget_type=\"spacer.default\">\n\t\t\t\t<div class=\"elementor-widget-container\">\n\t\t\t\t\t\t\t<div class=\"elementor-spacer\">\n\t\t\t<div class=\"elementor-spacer-inner\"><\/div>\n\t\t<\/div>\n\t\t\t\t\t\t<\/div>\n\t\t\t\t<\/div>\n\t\t\t\t<div class=\"elementor-element elementor-element-7703b4a elementor-widget elementor-widget-text-editor\" data-id=\"7703b4a\" data-element_type=\"widget\" data-widget_type=\"text-editor.default\">\n\t\t\t\t<div class=\"elementor-widget-container\">\n\t\t\t\t\t\t\t\t\t<p><span style=\"color: #0052da;\">Cuando conf\u00edas y colaboras con el sistema inmunitario, puedes reescribir tu historia de salud.<\/span> Es una lecci\u00f3n que hemos aprendido en nuestro recorrido, y de la cu\u00e1l hemos sido testigos a trav\u00e9s de historias de profesionales sanitarios y de pacientes. Este 2023, renovamos nuestra identidad gr\u00e1fica y verbal para proyectarnos al futuro y seguir trabajando para ayudar a las personas a desarrollar todo el potencial de su sistema inmunitario.<\/p>\n\t\t\t\t\t\t\t\t<\/div>\n\t\t\t\t<\/div>\n\t\t\t\t<div class=\"elementor-element elementor-element-9b8d32e elementor-widget elementor-widget-text-editor\" data-id=\"9b8d32e\" data-element_type=\"widget\" data-widget_type=\"text-editor.default\">\n\t\t\t\t<div class=\"elementor-widget-container\">\n\t\t\t\t\t\t\t\t\t<p>\u00a1Hemos cumplido 30 a\u00f1os! y como en toda buena historia, ahora ya ven\u00eda siendo necesario un cambio de look. Este a\u00f1o, hemos iniciado un ejercicio de rebranding completo para sentar las bases de nuestras ambiciones para el futuro y compartir la experiencia acumulada en nuestro recorrido. Hace ya tiempo que decidimos emprender en el cuidado del <span style=\"color: #0052da;\">sistema inmunitario, motivados por la convicci\u00f3n de que desequilibrios en este sistema se encuentran detr\u00e1s de muchas de las enfermedades que sufren las personas.<\/span> Hoy, no solo nos hemos profesionalizado, sino que tambi\u00e9n hemos sido testigos de c\u00f3mo personas, de todas las edades, sufriendo de diferentes trastornos y en diferentes circunstancias vitales, han podido redescubrir su salud reprogramando y restaurando su funci\u00f3n inmunitaria.<\/p>\t\t\t\t\t\t\t\t<\/div>\n\t\t\t\t<\/div>\n\t\t\t\t<div class=\"elementor-element elementor-element-3c83968 elementor-widget elementor-widget-spacer\" data-id=\"3c83968\" data-element_type=\"widget\" data-widget_type=\"spacer.default\">\n\t\t\t\t<div class=\"elementor-widget-container\">\n\t\t\t\t\t\t\t<div class=\"elementor-spacer\">\n\t\t\t<div class=\"elementor-spacer-inner\"><\/div>\n\t\t<\/div>\n\t\t\t\t\t\t<\/div>\n\t\t\t\t<\/div>\n\t\t\t\t<div class=\"elementor-element elementor-element-8e97ffe elementor-widget elementor-widget-heading\" data-id=\"8e97ffe\" data-element_type=\"widget\" data-widget_type=\"heading.default\">\n\t\t\t\t<div class=\"elementor-widget-container\">\n\t\t\t\t\t<h2 class=\"elementor-heading-title elementor-size-default\">Una nueva fase<\/h2>\t\t\t\t<\/div>\n\t\t\t\t<\/div>\n\t\t\t\t<div class=\"elementor-element elementor-element-53053fb elementor-widget elementor-widget-text-editor\" data-id=\"53053fb\" data-element_type=\"widget\" data-widget_type=\"text-editor.default\">\n\t\t\t\t<div class=\"elementor-widget-container\">\n\t\t\t\t\t\t\t\t\t<p>Para el futuro, nuestra mayor ambici\u00f3n es trabajar para que se le d\u00e9 al sistema inmunitario la importancia que le corresponde, informar y compartir nuestro conocimiento sobre este sistema y hacerlo de forma f\u00e1cil y accesible, para que tanto profesionales como pacientes entiendan la oportunidad que brinda tratar la vertiente inmunitaria. Aspiramos a que todo profesional sanitario pueda acceder a terapias de inmunomodulaci\u00f3n en su pr\u00e1ctica cotidiana y a que el paciente se sienta mejor acompa\u00f1ado y cuidado, siendo part\u00edcipe en su propio tratamiento y <span style=\"color: #0052da;\">entendiendo la salud inmunitaria como un estilo de vida.<\/span> <\/p>\t\t\t\t\t\t\t\t<\/div>\n\t\t\t\t<\/div>\n\t\t\t\t<div class=\"elementor-element elementor-element-b4c4055 elementor-widget elementor-widget-text-editor\" data-id=\"b4c4055\" data-element_type=\"widget\" data-widget_type=\"text-editor.default\">\n\t\t\t\t<div class=\"elementor-widget-container\">\n\t\t\t\t\t\t\t\t\t<h5><span style=\"color: #0052da;\"><a href=\"#origen\">Lee la historia completa de nuestro recorrido<\/a><\/span><\/h5>\t\t\t\t\t\t\t\t<\/div>\n\t\t\t\t<\/div>\n\t\t\t\t<div class=\"elementor-element elementor-element-938d3c5 elementor-widget elementor-widget-text-editor\" data-id=\"938d3c5\" data-element_type=\"widget\" data-widget_type=\"text-editor.default\">\n\t\t\t\t<div class=\"elementor-widget-container\">\n\t\t\t\t\t\t\t\t\t<p>Para representar mejor qui\u00e9nes somos y la cultura que fomentamos, as\u00ed como para estar m\u00e1s cerca de profesionales y pacientes, hemos iniciado la transformaci\u00f3n de nuestra marca. Esta renovaci\u00f3n empieza en nuestro logo, sigue en todo nuestro sistema visual (nueva paleta de colores, estilos tipogr\u00e1ficos&#8230;) y culmina en nuestro tono de voz y actitud (lenguaje). <\/p>\n\t\t\t\t\t\t\t\t<\/div>\n\t\t\t\t<\/div>\n\t\t\t\t<section class=\"elementor-section elementor-inner-section elementor-element elementor-element-59677f0 elementor-section-boxed elementor-section-height-default elementor-section-height-default\" data-id=\"59677f0\" data-element_type=\"section\" data-settings=\"{&quot;jet_parallax_layout_list&quot;:[],&quot;background_background&quot;:&quot;classic&quot;}\">\n\t\t\t\t\t\t<div class=\"elementor-container elementor-column-gap-default\">\n\t\t\t\t\t<div class=\"elementor-column elementor-col-100 elementor-inner-column elementor-element elementor-element-4af9ad7\" data-id=\"4af9ad7\" data-element_type=\"column\">\n\t\t\t<div class=\"elementor-widget-wrap elementor-element-populated\">\n\t\t\t\t\t\t<div class=\"elementor-element elementor-element-d0e94b1 elementor-widget elementor-widget-text-editor\" data-id=\"d0e94b1\" data-element_type=\"widget\" data-widget_type=\"text-editor.default\">\n\t\t\t\t<div class=\"elementor-widget-container\">\n\t\t\t\t\t\t\t\t\t<p><em>No cambiamos nuestro logo porque queramos ser diferentes,<\/em><br \/><em>lo hacemos porque nos importa poner en pr\u00e1ctica lo que hemos aprendido.<\/em><\/p>\n\t\t\t\t\t\t\t\t<\/div>\n\t\t\t\t<\/div>\n\t\t\t\t\t<\/div>\n\t\t<\/div>\n\t\t\t\t\t<\/div>\n\t\t<\/section>\n\t\t\t\t<div class=\"elementor-element elementor-element-ee2f8fb elementor-widget elementor-widget-spacer\" data-id=\"ee2f8fb\" data-element_type=\"widget\" data-widget_type=\"spacer.default\">\n\t\t\t\t<div class=\"elementor-widget-container\">\n\t\t\t\t\t\t\t<div class=\"elementor-spacer\">\n\t\t\t<div class=\"elementor-spacer-inner\"><\/div>\n\t\t<\/div>\n\t\t\t\t\t\t<\/div>\n\t\t\t\t<\/div>\n\t\t\t\t<div class=\"elementor-element elementor-element-13635d9 elementor-widget elementor-widget-heading\" data-id=\"13635d9\" data-element_type=\"widget\" data-widget_type=\"heading.default\">\n\t\t\t\t<div class=\"elementor-widget-container\">\n\t\t\t\t\t<h2 class=\"elementor-heading-title elementor-size-default\">Nuestro cambio de look<\/h2>\t\t\t\t<\/div>\n\t\t\t\t<\/div>\n\t\t\t\t<div class=\"elementor-element elementor-element-70c9efd elementor-widget elementor-widget-text-editor\" data-id=\"70c9efd\" data-element_type=\"widget\" data-widget_type=\"text-editor.default\">\n\t\t\t\t<div class=\"elementor-widget-container\">\n\t\t\t\t\t\t\t\t\t<p>Nuestro nuevo logo simboliza nuestra esencia, pero tambi\u00e9n nuestra ambici\u00f3n de futuro. Hemos simplificado la escritura de nuestro nombre, porque creemos firmemente que tratar el sistema inmunitario no tiene por qu\u00e9 ser algo complicado e inaccesible, es sencillo cuando sabes c\u00f3mo y cuentas con soluciones terap\u00e9uticas adaptadas para ello. Somos un laboratorio farmac\u00e9utico, por ende, cient\u00edfico y reglamentado, pero liderado por personas que se preocupan y comprometen con la salud de las personas, somos todo en uno, y por eso nuestro nombre se escribe como una \u00fanica palabra. Fabricamos soluciones terap\u00e9uticas en microinmunoterapia porque creemos que cuando proteges de lo que de verdad importa, puedes fomentar cambios positivos en tu salud.     <span style=\"color: #0052da;\">No deseamos cambiarte la vida, aspiramos a que t\u00fa cambies tu historia de salud, apoy\u00e1ndote en nuestros tratamientos.<\/span> Los arcos de nuestro nuevo logo simbolizan proteger lo que llevamos dentro: proteger y cuidar de tu sistema inmunitario, proteger y cuidar de lo importante.<\/p>\n\t\t\t\t\t\t\t\t<\/div>\n\t\t\t\t<\/div>\n\t\t\t\t<div class=\"elementor-element elementor-element-7e7ec06 elementor-widget elementor-widget-image\" data-id=\"7e7ec06\" data-element_type=\"widget\" data-widget_type=\"image.default\">\n\t\t\t\t<div class=\"elementor-widget-container\">\n\t\t\t\t\t\t\t\t\t\t\t\t\t\t\t\t<a href=\"https:\/\/www.labolife.com\/es\/conocenos\/#timeline\">\n\t\t\t\t\t\t\t<img fetchpriority=\"high\" decoding=\"async\" width=\"1920\" height=\"600\" src=\"https:\/\/www.labolife.com\/wp-content\/uploads\/2023\/02\/GIF-LL-NEWSLETTER.gif\" class=\"attachment-full size-full wp-image-7422\" alt=\"Labo&#039;life\" \/>\t\t\t\t\t\t\t\t<\/a>\n\t\t\t\t\t\t\t\t\t\t\t\t\t\t\t<\/div>\n\t\t\t\t<\/div>\n\t\t\t\t<div class=\"elementor-element elementor-element-4609742 elementor-widget elementor-widget-spacer\" data-id=\"4609742\" data-element_type=\"widget\" id=\"origen\" data-widget_type=\"spacer.default\">\n\t\t\t\t<div class=\"elementor-widget-container\">\n\t\t\t\t\t\t\t<div class=\"elementor-spacer\">\n\t\t\t<div class=\"elementor-spacer-inner\"><\/div>\n\t\t<\/div>\n\t\t\t\t\t\t<\/div>\n\t\t\t\t<\/div>\n\t\t\t\t<div class=\"elementor-element elementor-element-bbd5fb3 elementor-widget elementor-widget-heading\" data-id=\"bbd5fb3\" data-element_type=\"widget\" data-widget_type=\"heading.default\">\n\t\t\t\t<div class=\"elementor-widget-container\">\n\t\t\t\t\t<h1 class=\"elementor-heading-title elementor-size-default\">Aliados de tu sistema inmune desde 1992<\/h1>\t\t\t\t<\/div>\n\t\t\t\t<\/div>\n\t\t\t\t<div class=\"elementor-element elementor-element-8ee060f elementor-widget elementor-widget-heading\" data-id=\"8ee060f\" data-element_type=\"widget\" data-widget_type=\"heading.default\">\n\t\t\t\t<div class=\"elementor-widget-container\">\n\t\t\t\t\t<h2 class=\"elementor-heading-title elementor-size-default\">Nuestros or\u00edgenes<\/h2>\t\t\t\t<\/div>\n\t\t\t\t<\/div>\n\t\t\t\t<div class=\"elementor-element elementor-element-8ce7958 elementor-widget elementor-widget-text-editor\" data-id=\"8ce7958\" data-element_type=\"widget\" data-widget_type=\"text-editor.default\">\n\t\t\t\t<div class=\"elementor-widget-container\">\n\t\t\t\t\t\t\t\t\t<p>Algunos proyectos nacen de forma accidental. Otros empiezan a partir de ideas de negocio, estudiadas y calculadas, destinadas a cubrir demandas de la sociedad o a crear nuevas necesidades. <span style=\"color: #0052DA;\">Nuestro proyecto fue fruto de la curiosidad y de la perseverancia<\/span>, de la escucha atenta del paciente, y de la firme voluntad de responder a preguntas que no ten\u00edan respuesta, a necesidades terap\u00e9uticas reales, que carec\u00edan de soluciones adaptadas.<\/p>\n\t\t\t\t\t\t\t\t<\/div>\n\t\t\t\t<\/div>\n\t\t\t\t<div class=\"elementor-element elementor-element-8ccef23 elementor-widget elementor-widget-text-editor\" data-id=\"8ccef23\" data-element_type=\"widget\" data-widget_type=\"text-editor.default\">\n\t\t\t\t<div class=\"elementor-widget-container\">\n\t\t\t\t\t\t\t\t\t<p>Es en 1992 cuando establecimos los cimientos de lo que es, a d\u00eda de hoy, una compa\u00f1\u00eda farmac\u00e9utica internacional, que se rige por todas las normativas y especificaciones de su sector. Poco pod\u00edamos imaginar, en esos primeros a\u00f1os, que perseguir una convicci\u00f3n nos llevar\u00eda a construir una compa\u00f1\u00eda que hoy constituyen un centenar de empleados, en 10 departamentos; personas que trabajan codo con codo para poner, a disposici\u00f3n del profesional sanitario y del paciente, un medicamento seguro, eficaz y de calidad.<\/p>\n\t\t\t\t\t\t\t\t<\/div>\n\t\t\t\t<\/div>\n\t\t\t\t<div class=\"elementor-element elementor-element-bcd9285 elementor-widget elementor-widget-text-editor\" data-id=\"bcd9285\" data-element_type=\"widget\" data-widget_type=\"text-editor.default\">\n\t\t\t\t<div class=\"elementor-widget-container\">\n\t\t\t\t\t\t\t\t\t<p>Cuando sabes por qu\u00e9 haces las cosas, es m\u00e1s dif\u00edcil salirse del camino, independientemente de lo que crezcas, evoluciones o de que no todos entiendan tu enfoque.<span style=\"color: #0052da;\"> El coraz\u00f3n del proyecto Labo\u2019life es, y siempre ha sido, el cuidado del sistema inmunitario de las personas.<\/span><\/p>\t\t\t\t\t\t\t\t<\/div>\n\t\t\t\t<\/div>\n\t\t\t\t<div class=\"elementor-element elementor-element-ca0ff56 elementor-widget elementor-widget-text-editor\" data-id=\"ca0ff56\" data-element_type=\"widget\" data-widget_type=\"text-editor.default\">\n\t\t\t\t<div class=\"elementor-widget-container\">\n\t\t\t\t\t\t\t\t\t<p>Si hoy leemos cualquier revista m\u00e9dica o cient\u00edfica, 2 de cada 3 veces &#8211; por no decir 3 de cada 3 &#8211; encontraremos un art\u00edculo que nos habla de inmunolog\u00eda o de inmunoterapia. Este entusiasmo crece de forma exponencial, y se ha hecho m\u00e1s que evidente en los \u00faltimos a\u00f1os, incluso, dando pie a nuevas disciplinas cl\u00ednicas y de investigaci\u00f3n: inmunogen\u00e9tica, inmunooncolog\u00eda, inmunometabolismo&#8230;<\/p>\n\t\t\t\t\t\t\t\t<\/div>\n\t\t\t\t<\/div>\n\t\t\t\t<div class=\"elementor-element elementor-element-1e8b225 elementor-widget elementor-widget-text-editor\" data-id=\"1e8b225\" data-element_type=\"widget\" data-widget_type=\"text-editor.default\">\n\t\t\t\t<div class=\"elementor-widget-container\">\n\t\t\t\t\t\t\t\t\t<p><span style=\"color: #0052da;\">Cuando decidimos emprender en el cuidado de la inmunidad, pocos a\u00fan eran aquellos que pensaban, si quiera, en tenerla en cuenta en el tratamiento de su paciente.<\/span> La iniciativa de esos pocos en tratar de forma diferente a su paciente, y su valent\u00eda en considerar siempre la variable inmunitaria en su estrategia terap\u00e9utica, son los que motivaron, hace ya 30 a\u00f1os, la creaci\u00f3n de Labo\u2019life.<\/p>\n\t\t\t\t\t\t\t\t<\/div>\n\t\t\t\t<\/div>\n\t\t\t\t<div class=\"elementor-element elementor-element-bab402f elementor-widget elementor-widget-spacer\" data-id=\"bab402f\" data-element_type=\"widget\" data-widget_type=\"spacer.default\">\n\t\t\t\t<div class=\"elementor-widget-container\">\n\t\t\t\t\t\t\t<div class=\"elementor-spacer\">\n\t\t\t<div class=\"elementor-spacer-inner\"><\/div>\n\t\t<\/div>\n\t\t\t\t\t\t<\/div>\n\t\t\t\t<\/div>\n\t\t\t\t<div class=\"elementor-element elementor-element-6065c6c elementor-widget elementor-widget-heading\" data-id=\"6065c6c\" data-element_type=\"widget\" data-widget_type=\"heading.default\">\n\t\t\t\t<div class=\"elementor-widget-container\">\n\t\t\t\t\t<h2 class=\"elementor-heading-title elementor-size-default\">El camino que hemos recorrido<\/h2>\t\t\t\t<\/div>\n\t\t\t\t<\/div>\n\t\t\t\t<div class=\"elementor-element elementor-element-303f0fc elementor-widget elementor-widget-text-editor\" data-id=\"303f0fc\" data-element_type=\"widget\" data-widget_type=\"text-editor.default\">\n\t\t\t\t<div class=\"elementor-widget-container\">\n\t\t\t\t\t\t\t\t\t<p>Part\u00edamos de una convicci\u00f3n: <span style=\"color: #0052da;\">el disfuncionamiento inmunitario es la ra\u00edz de muchas de las problem\u00e1ticas de salud que sufren las personas.<\/span> Part\u00edamos tambi\u00e9n de un enfoque terap\u00e9utico basado en la modulaci\u00f3n inmunitaria y nutrido por el profundo respeto a los mecanismos naturales del cuerpo: la inmunoterapia en bajas dosis o microinmunoterapia. La pregunta entonces era, \u00bfc\u00f3mo compartir esta realidad y el potencial que vemos en la microinmunoterapia, con profesionales sanitarios y sus pacientes?<\/p>\n\t\t\t\t\t\t\t\t<\/div>\n\t\t\t\t<\/div>\n\t\t\t\t<div class=\"elementor-element elementor-element-e16f6b9 elementor-widget elementor-widget-text-editor\" data-id=\"e16f6b9\" data-element_type=\"widget\" data-widget_type=\"text-editor.default\">\n\t\t\t\t<div class=\"elementor-widget-container\">\n\t\t\t\t\t\t\t\t\t<p>Creando un laboratorio farmac\u00e9utico.<\/p>\n\t\t\t\t\t\t\t\t<\/div>\n\t\t\t\t<\/div>\n\t\t\t\t<div class=\"elementor-element elementor-element-a09b5d9 elementor-widget elementor-widget-text-editor\" data-id=\"a09b5d9\" data-element_type=\"widget\" data-widget_type=\"text-editor.default\">\n\t\t\t\t<div class=\"elementor-widget-container\">\n\t\t\t\t\t\t\t\t\t<p>En octubre de 1992 creamos Labo\u2019life con el objetivo de proporcionar un producto farmac\u00e9utico real, tangible, accesible y seguro para tratar el sistema inmunitario.<\/p>\n\t\t\t\t\t\t\t\t<\/div>\n\t\t\t\t<\/div>\n\t\t\t\t<div class=\"elementor-element elementor-element-1d601f6 elementor-widget elementor-widget-text-editor\" data-id=\"1d601f6\" data-element_type=\"widget\" data-widget_type=\"text-editor.default\">\n\t\t\t\t<div class=\"elementor-widget-container\">\n\t\t\t\t\t\t\t\t\t<p>Hemos puesto nuestro conocimiento y experiencia, nuestra iniciativa y creatividad, as\u00ed como la de todos nuestros empleados y colaboradores, en crear y desarrollar toda una estructura farmac\u00e9utica donde producir soluciones terap\u00e9uticas integrales y \u00fanicas, que supieran aprovechar las propiedades del sistema inmunitario y adaptarse de forma inteligente a su funcionamiento natural.<\/p>\t\t\t\t\t\t\t\t<\/div>\n\t\t\t\t<\/div>\n\t\t\t\t<div class=\"elementor-element elementor-element-cec428f elementor-widget elementor-widget-text-editor\" data-id=\"cec428f\" data-element_type=\"widget\" data-widget_type=\"text-editor.default\">\n\t\t\t\t<div class=\"elementor-widget-container\">\n\t\t\t\t\t\t\t\t\t<p>Nuestro camino empez\u00f3 por dise\u00f1ar y concebir nuestros medicamentos y su forma farmac\u00e9utica, creando de cero todos nuestros procesos de producci\u00f3n. Implementamos unidades de control de calidad de nuestros productos y apostamos por desarrollar nuestros propios procesos de fabricaci\u00f3n de sustancias activas, basadas en materias primas de origen inmunol\u00f3gico. Todo ello siempre con el reconocimiento y aval de las autoridades farmac\u00e9uticas, e implementando las normas de correcta fabricaci\u00f3n que se aplican a toda industria del sector. En un inicio, empezamos pocos, pero sentamos unas bases s\u00f3lidas que nos han ayudado a ir creciendo e incorporando todo lo necesario para poner nuestros medicamentos a disposici\u00f3n y servicio de profesionales y pacientes. En este tiempo, tambi\u00e9n hemos lanzado unidades de investigaci\u00f3n cl\u00ednica y pre-cl\u00ednica, para demostrar la eficacia y seguridad de nuestros productos y sustentar nuestro concepto terap\u00e9utico. Hemos ido automatizando varios de nuestros procesos de fabricaci\u00f3n y gesti\u00f3n; nos hemos internacionalizado y, con ello, hemos necesitado elaborar, documentar y actualizar todo lo necesario, en cumplimiento con las exigencias de cada pa\u00eds.   <\/p>\n\t\t\t\t\t\t\t\t<\/div>\n\t\t\t\t<\/div>\n\t\t\t\t<div class=\"elementor-element elementor-element-84074be elementor-widget elementor-widget-text-editor\" data-id=\"84074be\" data-element_type=\"widget\" data-widget_type=\"text-editor.default\">\n\t\t\t\t<div class=\"elementor-widget-container\">\n\t\t\t\t\t\t\t\t\t<p>Actualmente somos una empresa mucho m\u00e1s madura. <span style=\"color: #0052da;\">En nuestro recorrido, nos hemos profesionalizado<\/span> y se han unido a nuestro equipo m\u00e1s personas dedicadas y comprometidas, que participan a diario en este proyecto, volcando sus conocimientos y sus habilidades. Si llevamos la vista atr\u00e1s, <span style=\"color: #0052da;\">mucho ha cambiado desde nuestros inicios, pero seguimos fieles a nuestra convicci\u00f3n<\/span> y a nuestra voluntad de aportar tratamientos adaptados en microinmunoterapia, para que las personas puedan cuidar de su sistema inmunitario.<\/p>\n\t\t\t\t\t\t\t\t<\/div>\n\t\t\t\t<\/div>\n\t\t\t\t<div class=\"elementor-element elementor-element-4d30b44 elementor-widget elementor-widget-spacer\" data-id=\"4d30b44\" data-element_type=\"widget\" data-widget_type=\"spacer.default\">\n\t\t\t\t<div class=\"elementor-widget-container\">\n\t\t\t\t\t\t\t<div class=\"elementor-spacer\">\n\t\t\t<div class=\"elementor-spacer-inner\"><\/div>\n\t\t<\/div>\n\t\t\t\t\t\t<\/div>\n\t\t\t\t<\/div>\n\t\t\t\t<div class=\"elementor-element elementor-element-b5b234e elementor-widget elementor-widget-heading\" data-id=\"b5b234e\" data-element_type=\"widget\" data-widget_type=\"heading.default\">\n\t\t\t\t<div class=\"elementor-widget-container\">\n\t\t\t\t\t<h2 class=\"elementor-heading-title elementor-size-default\">Lo que hemos aprendido<\/h2>\t\t\t\t<\/div>\n\t\t\t\t<\/div>\n\t\t\t\t<div class=\"elementor-element elementor-element-e048590 elementor-widget elementor-widget-text-editor\" data-id=\"e048590\" data-element_type=\"widget\" data-widget_type=\"text-editor.default\">\n\t\t\t\t<div class=\"elementor-widget-container\">\n\t\t\t\t\t\t\t\t\t<p>Nos sentimos tremendamente orgullosos de estos 30 a\u00f1os. No ha sido un camino f\u00e1cil, ya que, como todas las buenas historias, hemos tenido desaf\u00edos, \u00e9xitos y dificultades, alegr\u00edas y giros de acontecimientos, pero todas estas situaciones que hemos vivido, no han hecho m\u00e1s que ense\u00f1arnos lecciones. Principalmente dos:   <\/p>\n\t\t\t\t\t\t\t\t<\/div>\n\t\t\t\t<\/div>\n\t\t\t\t<div class=\"elementor-element elementor-element-7058249 elementor-widget elementor-widget-text-editor\" data-id=\"7058249\" data-element_type=\"widget\" data-widget_type=\"text-editor.default\">\n\t\t\t\t<div class=\"elementor-widget-container\">\n\t\t\t\t\t\t\t\t\t<p>1. Cuando conf\u00edas y colaboras con tu sistema inmunitario, puedes cambiar tu historia de salud.<\/p>\n\t\t\t\t\t\t\t\t<\/div>\n\t\t\t\t<\/div>\n\t\t\t\t<div class=\"elementor-element elementor-element-0399ce5 elementor-widget elementor-widget-text-editor\" data-id=\"0399ce5\" data-element_type=\"widget\" data-widget_type=\"text-editor.default\">\n\t\t\t\t<div class=\"elementor-widget-container\">\n\t\t\t\t\t\t\t\t\t<p><span style=\"color: #0052da;\">La salud depende del buen funcionamiento del sistema inmune.<\/span> O, dicho de otro modo, la disfunci\u00f3n inmunitaria es el denominador com\u00fan de la gran mayor\u00eda de patolog\u00edas. Esto significa que, cuando trabajas y tienes en cuenta la inmunidad, puedes motivar cambios positivos en tu salud. En estos a\u00f1os hemos reafirmado nuestra convicci\u00f3n, viendo los resultados cl\u00ednicos de nuestros productos. Hemos sido testigos de c\u00f3mo personas, de todas las edades, sufriendo diferentes trastornos, en diferentes circunstancias vitales, con diferentes recorridos m\u00e9dicos, han podido redescubrir su salud desde la enfermedad cr\u00f3nica, superar limitaciones o simplemente mejorar su calidad de vida. Restaurar y normalizar la funci\u00f3n inmunitaria permite realizar un trabajo de fondo, y eso es lo que de verdad perdura en el tiempo.   <\/p>\n\t\t\t\t\t\t\t\t<\/div>\n\t\t\t\t<\/div>\n\t\t\t\t<div class=\"elementor-element elementor-element-94afbd9 elementor-widget elementor-widget-text-editor\" data-id=\"94afbd9\" data-element_type=\"widget\" data-widget_type=\"text-editor.default\">\n\t\t\t\t<div class=\"elementor-widget-container\">\n\t\t\t\t\t\t\t\t\t<p>2. Toda persona necesita ser part\u00edcipe e involucrarse en el cuidado de su salud.<\/p>\n\t\t\t\t\t\t\t\t<\/div>\n\t\t\t\t<\/div>\n\t\t\t\t<div class=\"elementor-element elementor-element-62b55fe elementor-widget elementor-widget-text-editor\" data-id=\"62b55fe\" data-element_type=\"widget\" data-widget_type=\"text-editor.default\">\n\t\t\t\t<div class=\"elementor-widget-container\">\n\t\t\t\t\t\t\t\t\t<p>Como en todo, cuando lo entiendes, puedes actuar. <span style=\"color: #0052da;\">Es importante que las personas entiendan por qu\u00e9 su inmunidad es importante para su salud, para poder ser part\u00edcipes en el cambio<\/span>, para tomar medidas y para confiar en su profesional sanitario. Es importante que el profesional se sienta con las herramientas necesarias para trabajar con la inmunidad de su paciente, y con la tranquilidad de contar con qui\u00e9nes lo escuchan y apoyan a su lado.<\/p>\n\t\t\t\t\t\t\t\t<\/div>\n\t\t\t\t<\/div>\n\t\t\t\t<div class=\"elementor-element elementor-element-3cabf66 elementor-widget elementor-widget-spacer\" data-id=\"3cabf66\" data-element_type=\"widget\" data-widget_type=\"spacer.default\">\n\t\t\t\t<div class=\"elementor-widget-container\">\n\t\t\t\t\t\t\t<div class=\"elementor-spacer\">\n\t\t\t<div class=\"elementor-spacer-inner\"><\/div>\n\t\t<\/div>\n\t\t\t\t\t\t<\/div>\n\t\t\t\t<\/div>\n\t\t\t\t<div class=\"elementor-element elementor-element-9218024 elementor-widget elementor-widget-heading\" data-id=\"9218024\" data-element_type=\"widget\" data-widget_type=\"heading.default\">\n\t\t\t\t<div class=\"elementor-widget-container\">\n\t\t\t\t\t<h2 class=\"elementor-heading-title elementor-size-default\">Lo que el futuro nos depara<\/h2>\t\t\t\t<\/div>\n\t\t\t\t<\/div>\n\t\t\t\t<div class=\"elementor-element elementor-element-d4c05bb elementor-widget elementor-widget-text-editor\" data-id=\"d4c05bb\" data-element_type=\"widget\" data-widget_type=\"text-editor.default\">\n\t\t\t\t<div class=\"elementor-widget-container\">\n\t\t\t\t\t\t\t\t\t<p>Con motivo de nuestro 30 aniversario, entramos en una nueva fase. Por descontado, seguiremos comprometidos en ofrecer medicamentos y procesos de m\u00e1xima calidad, y en volcar todos nuestros esfuerzos en aportar nuestras soluciones terap\u00e9uticas a las personas que las necesiten. Si bien, queremos para el futuro compartir nuestra experiencia y poner en pr\u00e1ctica lo aprendido. Para nosotros, esto significa:   <\/p>\n\t\t\t\t\t\t\t\t<\/div>\n\t\t\t\t<\/div>\n\t\t\t\t<div class=\"elementor-element elementor-element-104a3e5 elementor-widget elementor-widget-text-editor\" data-id=\"104a3e5\" data-element_type=\"widget\" data-widget_type=\"text-editor.default\">\n\t\t\t\t<div class=\"elementor-widget-container\">\n\t\t\t\t\t\t\t\t\t<ul>\n<li><span style=\"color: #0052da;\">Queremos que se le d\u00e9 al sistema inmunitario la importancia que le corresponde<\/span>: que las personas conf\u00eden en \u00e9l y colaboren con \u00e9l. Queremos animar a cada persona a descubrir lo que el sistema inmune hace a diario y a intervenir en el cuidado de su cuerpo.<\/li>\n<\/ul>\n<ul>\n<li><span style=\"color: #0052da;\">Aspiramos a convertir el tratamiento de la inmunidad en un reflejo cl\u00ednico,<\/span> a acercar su cuidado a todo profesional sanitario, porque tratar el sistema inmune no deber\u00eda ser algo ocasional, sino algo a abordar en el d\u00eda a d\u00eda del ejercicio cl\u00ednico; porque cuando entendemos c\u00f3mo tratar la inmunidad, podemos transformar la historia de salud de una persona. La microinmunoterapia nos ofrece la oportunidad de trabajar de este modo.  <\/li>\n<\/ul>\n<ul>\n<li><span style=\"color: #0052da;\">Abogamos por una medicina m\u00e1s humana, que incluye al paciente en el cuidado de su salud y le hace part\u00edcipe<\/span>. Nos comprometemos a promover una mayor interacci\u00f3n m\u00e9dico-paciente y fomentar relaciones basadas en la confianza mutua, para ayudar al profesional a adaptar los tratamientos a las necesidades \u00fanicas de su paciente y mejorar su acompa\u00f1amiento.<\/li>\n<\/ul>\n\t\t\t\t\t\t\t\t<\/div>\n\t\t\t\t<\/div>\n\t\t\t\t<div class=\"elementor-element elementor-element-f9c38fe elementor-widget elementor-widget-text-editor\" data-id=\"f9c38fe\" data-element_type=\"widget\" data-widget_type=\"text-editor.default\">\n\t\t\t\t<div class=\"elementor-widget-container\">\n\t\t\t\t\t\t\t\t\t<p>En definitiva, para el futuro, <span style=\"color: #0052DA;\">queremos trabajar juntos, para ayudarte a desarrollar todo el potencial de tu sistema inmunitario,<\/span> tanto si deseas reescribir tu historia de salud como si buscas mejorar tu calidad de vida.<\/p>\n\t\t\t\t\t\t\t\t<\/div>\n\t\t\t\t<\/div>\n\t\t\t\t<div class=\"elementor-element elementor-element-47784bd elementor-widget elementor-widget-video\" data-id=\"47784bd\" data-element_type=\"widget\" data-settings=\"{&quot;video_type&quot;:&quot;hosted&quot;,&quot;controls&quot;:&quot;yes&quot;}\" data-widget_type=\"video.default\">\n\t\t\t\t<div class=\"elementor-widget-container\">\n\t\t\t\t\t\t\t<div class=\"e-hosted-video elementor-wrapper elementor-open-inline\">\n\t\t\t\t\t<video class=\"elementor-video\" src=\"https:\/\/www.labolife.com\/wp-content\/uploads\/2023\/02\/timelapse-cambio-logo-ll.mp4\" controls=\"\" preload=\"metadata\" controlsList=\"nodownload\"><\/video>\n\t\t\t\t<\/div>\n\t\t\t\t\t\t<\/div>\n\t\t\t\t<\/div>\n\t\t\t\t\t<\/div>\n\t\t<\/div>\n\t\t\t\t\t<\/div>\n\t\t<\/section>\n\t\t\t\t<section class=\"elementor-section elementor-top-section elementor-element elementor-element-959e640 elementor-section-full_width elementor-section-height-default elementor-section-height-default\" data-id=\"959e640\" data-element_type=\"section\" data-settings=\"{&quot;jet_parallax_layout_list&quot;:[]}\">\n\t\t\t\t\t\t<div class=\"elementor-container elementor-column-gap-no\">\n\t\t\t\t\t<div class=\"elementor-column elementor-col-100 elementor-top-column elementor-element elementor-element-f88d325\" data-id=\"f88d325\" data-element_type=\"column\">\n\t\t\t<div class=\"elementor-widget-wrap elementor-element-populated\">\n\t\t\t\t\t\t<div class=\"elementor-element elementor-element-39f62aa elementor-widget elementor-widget-shortcode\" data-id=\"39f62aa\" data-element_type=\"widget\" data-widget_type=\"shortcode.default\">\n\t\t\t\t<div class=\"elementor-widget-container\">\n\t\t\t\t\t\t\t<div class=\"elementor-shortcode\">\t\t<div data-elementor-type=\"section\" data-elementor-id=\"4705\" class=\"elementor elementor-4705 elementor-576\" data-elementor-post-type=\"elementor_library\">\n\t\t\t\t\t<section class=\"elementor-section elementor-top-section elementor-element elementor-element-e61fdef radius-bottom-25 elementor-section-boxed elementor-section-height-default elementor-section-height-default\" data-id=\"e61fdef\" data-element_type=\"section\" data-settings=\"{&quot;background_background&quot;:&quot;classic&quot;,&quot;jet_parallax_layout_list&quot;:[]}\">\n\t\t\t\t\t\t\t<div class=\"elementor-background-overlay\"><\/div>\n\t\t\t\t\t\t\t<div class=\"elementor-container elementor-column-gap-default\">\n\t\t\t\t\t<div class=\"elementor-column elementor-col-100 elementor-top-column elementor-element elementor-element-657e24e8\" data-id=\"657e24e8\" data-element_type=\"column\">\n\t\t\t<div class=\"elementor-widget-wrap elementor-element-populated\">\n\t\t\t\t\t\t<section class=\"elementor-section elementor-inner-section elementor-element elementor-element-64e456fd elementor-section-height-min-height elementor-section-content-middle elementor-section-boxed elementor-section-height-default\" data-id=\"64e456fd\" data-element_type=\"section\" data-settings=\"{&quot;background_background&quot;:&quot;classic&quot;,&quot;jet_parallax_layout_list&quot;:[]}\">\n\t\t\t\t\t\t<div class=\"elementor-container elementor-column-gap-default\">\n\t\t\t\t\t<div class=\"elementor-column elementor-col-100 elementor-inner-column elementor-element elementor-element-1c77236d\" data-id=\"1c77236d\" data-element_type=\"column\">\n\t\t\t<div class=\"elementor-widget-wrap elementor-element-populated\">\n\t\t\t\t\t\t<div class=\"elementor-element elementor-element-65383fed elementor-widget__width-inherit elementor-widget elementor-widget-text-editor\" data-id=\"65383fed\" data-element_type=\"widget\" data-widget_type=\"text-editor.default\">\n\t\t\t\t<div class=\"elementor-widget-container\">\n\t\t\t\t\t\t\t\t\t<h2 style=\"text-align: center;\">\u00bfQuieres ponerte en <span style=\"color: #0052da;\">contacto con nosotros?<\/span><\/h2>\n\t\t\t\t\t\t\t\t<\/div>\n\t\t\t\t<\/div>\n\t\t\t\t<div class=\"elementor-element elementor-element-1ba710a4 elementor-align-center elementor-widget elementor-widget-button\" data-id=\"1ba710a4\" data-element_type=\"widget\" data-widget_type=\"button.default\">\n\t\t\t\t<div class=\"elementor-widget-container\">\n\t\t\t\t\t\t\t\t\t<div class=\"elementor-button-wrapper\">\n\t\t\t\t\t<a class=\"elementor-button elementor-button-link elementor-size-sm\" href=\"https:\/\/www.labolife.com\/es\/contacta-con-nosotros\/\">\n\t\t\t\t\t\t<span class=\"elementor-button-content-wrapper\">\n\t\t\t\t\t\t\t\t\t<span class=\"elementor-button-text\">\u00a1Escr\u00edbenos!<\/span>\n\t\t\t\t\t<\/span>\n\t\t\t\t\t<\/a>\n\t\t\t\t<\/div>\n\t\t\t\t\t\t\t\t<\/div>\n\t\t\t\t<\/div>\n\t\t\t\t\t<\/div>\n\t\t<\/div>\n\t\t\t\t\t<\/div>\n\t\t<\/section>\n\t\t\t\t\t<\/div>\n\t\t<\/div>\n\t\t\t\t\t<\/div>\n\t\t<\/section>\n\t\t\t\t<\/div>\n\t\t<\/div>\n\t\t\t\t\t\t<\/div>\n\t\t\t\t<\/div>\n\t\t\t\t\t<\/div>\n\t\t<\/div>\n\t\t\t\t\t<\/div>\n\t\t<\/section>\n\t\t\t\t<\/div>\n\t\t","protected":false},"excerpt":{"rendered":"<p>Cuando conf\u00edas y colaboras con el sistema inmunitario, puedes reescribir tu historia de salud. Es una lecci\u00f3n que hemos aprendido en nuestro recorrido, y de la cu\u00e1l hemos sido testigos a trav\u00e9s de historias de profesionales sanitarios y de pacientes. Este 2023, renovamos nuestra identidad gr\u00e1fica y verbal para proyectarnos al futuro y seguir trabajando [&hellip;]<\/p>\n","protected":false},"author":6,"featured_media":2902,"parent":0,"menu_order":0,"comment_status":"closed","ping_status":"closed","template":"","meta":{"footnotes":""},"class_list":["post-6203","page","type-page","status-publish","has-post-thumbnail","hentry"],"yoast_head":"<!-- This site is optimized with the Yoast SEO plugin v26.8 - https:\/\/yoast.com\/product\/yoast-seo-wordpress\/ -->\n<title>Renovamos nuestra marca, con motivo de nuestro 30 aniversario - Labo\u2019life<\/title>\n<meta name=\"robots\" content=\"index, follow, max-snippet:-1, max-image-preview:large, max-video-preview:-1\" \/>\n<link rel=\"canonical\" href=\"https:\/\/www.labolife.com\/es\/renovamos-nuestra-marca-con-motivo-de-nuestro-30-aniversario\/\" \/>\n<meta property=\"og:locale\" content=\"es_ES\" \/>\n<meta property=\"og:type\" content=\"article\" \/>\n<meta property=\"og:title\" content=\"Renovamos nuestra marca, con motivo de nuestro 30 aniversario - Labo\u2019life\" \/>\n<meta property=\"og:description\" content=\"Cuando conf\u00edas y colaboras con el sistema inmunitario, puedes reescribir tu historia de salud. Es una lecci\u00f3n que hemos aprendido en nuestro recorrido, y de la cu\u00e1l hemos sido testigos a trav\u00e9s de historias de profesionales sanitarios y de pacientes. Este 2023, renovamos nuestra identidad gr\u00e1fica y verbal para proyectarnos al futuro y seguir trabajando [&hellip;]\" \/>\n<meta property=\"og:url\" content=\"https:\/\/www.labolife.com\/es\/renovamos-nuestra-marca-con-motivo-de-nuestro-30-aniversario\/\" \/>\n<meta property=\"og:site_name\" content=\"Labo\u2019life\" \/>\n<meta property=\"article:modified_time\" content=\"2023-09-18T13:19:17+00:00\" \/>\n<meta property=\"og:image\" content=\"https:\/\/www.labolife.com\/wp-content\/uploads\/2022\/12\/8b28051c7d54b4f3dbb19432e7f26769_Expires167201280-1.jpg\" \/>\n\t<meta property=\"og:image:width\" content=\"1600\" \/>\n\t<meta property=\"og:image:height\" content=\"882\" \/>\n\t<meta property=\"og:image:type\" content=\"image\/jpeg\" \/>\n<meta name=\"twitter:card\" content=\"summary_large_image\" \/>\n<meta name=\"twitter:label1\" content=\"Tiempo de lectura\" \/>\n\t<meta name=\"twitter:data1\" content=\"9 minutos\" \/>\n<script type=\"application\/ld+json\" class=\"yoast-schema-graph\">{\"@context\":\"https:\/\/schema.org\",\"@graph\":[{\"@type\":\"WebPage\",\"@id\":\"https:\/\/www.labolife.com\/es\/renovamos-nuestra-marca-con-motivo-de-nuestro-30-aniversario\/\",\"url\":\"https:\/\/www.labolife.com\/es\/renovamos-nuestra-marca-con-motivo-de-nuestro-30-aniversario\/\",\"name\":\"Renovamos nuestra marca, con motivo de nuestro 30 aniversario - Labo\u2019life\",\"isPartOf\":{\"@id\":\"https:\/\/www.labolife.com\/es\/#website\"},\"primaryImageOfPage\":{\"@id\":\"https:\/\/www.labolife.com\/es\/renovamos-nuestra-marca-con-motivo-de-nuestro-30-aniversario\/#primaryimage\"},\"image\":{\"@id\":\"https:\/\/www.labolife.com\/es\/renovamos-nuestra-marca-con-motivo-de-nuestro-30-aniversario\/#primaryimage\"},\"thumbnailUrl\":\"https:\/\/www.labolife.com\/wp-content\/uploads\/2022\/12\/8b28051c7d54b4f3dbb19432e7f26769_Expires167201280-1.jpg\",\"datePublished\":\"2023-02-20T07:56:38+00:00\",\"dateModified\":\"2023-09-18T13:19:17+00:00\",\"breadcrumb\":{\"@id\":\"https:\/\/www.labolife.com\/es\/renovamos-nuestra-marca-con-motivo-de-nuestro-30-aniversario\/#breadcrumb\"},\"inLanguage\":\"es\",\"potentialAction\":[{\"@type\":\"ReadAction\",\"target\":[\"https:\/\/www.labolife.com\/es\/renovamos-nuestra-marca-con-motivo-de-nuestro-30-aniversario\/\"]}]},{\"@type\":\"ImageObject\",\"inLanguage\":\"es\",\"@id\":\"https:\/\/www.labolife.com\/es\/renovamos-nuestra-marca-con-motivo-de-nuestro-30-aniversario\/#primaryimage\",\"url\":\"https:\/\/www.labolife.com\/wp-content\/uploads\/2022\/12\/8b28051c7d54b4f3dbb19432e7f26769_Expires167201280-1.jpg\",\"contentUrl\":\"https:\/\/www.labolife.com\/wp-content\/uploads\/2022\/12\/8b28051c7d54b4f3dbb19432e7f26769_Expires167201280-1.jpg\",\"width\":1600,\"height\":882,\"caption\":\"Medicamentos\"},{\"@type\":\"BreadcrumbList\",\"@id\":\"https:\/\/www.labolife.com\/es\/renovamos-nuestra-marca-con-motivo-de-nuestro-30-aniversario\/#breadcrumb\",\"itemListElement\":[{\"@type\":\"ListItem\",\"position\":1,\"name\":\"Portada\",\"item\":\"https:\/\/www.labolife.com\/es\/\"},{\"@type\":\"ListItem\",\"position\":2,\"name\":\"Renovamos nuestra marca, con motivo de nuestro 30 aniversario\"}]},{\"@type\":\"WebSite\",\"@id\":\"https:\/\/www.labolife.com\/es\/#website\",\"url\":\"https:\/\/www.labolife.com\/es\/\",\"name\":\"Labo\u2019life\",\"description\":\"\",\"publisher\":{\"@id\":\"https:\/\/www.labolife.com\/es\/#organization\"},\"potentialAction\":[{\"@type\":\"SearchAction\",\"target\":{\"@type\":\"EntryPoint\",\"urlTemplate\":\"https:\/\/www.labolife.com\/es\/?s={search_term_string}\"},\"query-input\":{\"@type\":\"PropertyValueSpecification\",\"valueRequired\":true,\"valueName\":\"search_term_string\"}}],\"inLanguage\":\"es\"},{\"@type\":\"Organization\",\"@id\":\"https:\/\/www.labolife.com\/es\/#organization\",\"name\":\"Labo\u00b4Life\",\"url\":\"https:\/\/www.labolife.com\/es\/\",\"logo\":{\"@type\":\"ImageObject\",\"inLanguage\":\"es\",\"@id\":\"https:\/\/www.labolife.com\/es\/#\/schema\/logo\/image\/\",\"url\":\"https:\/\/www.labolife.com\/wp-content\/uploads\/2023\/11\/logo-labolife.png\",\"contentUrl\":\"https:\/\/www.labolife.com\/wp-content\/uploads\/2023\/11\/logo-labolife.png\",\"width\":1148,\"height\":200,\"caption\":\"Labo\u00b4Life\"},\"image\":{\"@id\":\"https:\/\/www.labolife.com\/es\/#\/schema\/logo\/image\/\"}}]}<\/script>\n<!-- \/ Yoast SEO plugin. -->","yoast_head_json":{"title":"Renovamos nuestra marca, con motivo de nuestro 30 aniversario - Labo\u2019life","robots":{"index":"index","follow":"follow","max-snippet":"max-snippet:-1","max-image-preview":"max-image-preview:large","max-video-preview":"max-video-preview:-1"},"canonical":"https:\/\/www.labolife.com\/es\/renovamos-nuestra-marca-con-motivo-de-nuestro-30-aniversario\/","og_locale":"es_ES","og_type":"article","og_title":"Renovamos nuestra marca, con motivo de nuestro 30 aniversario - Labo\u2019life","og_description":"Cuando conf\u00edas y colaboras con el sistema inmunitario, puedes reescribir tu historia de salud. Es una lecci\u00f3n que hemos aprendido en nuestro recorrido, y de la cu\u00e1l hemos sido testigos a trav\u00e9s de historias de profesionales sanitarios y de pacientes. Este 2023, renovamos nuestra identidad gr\u00e1fica y verbal para proyectarnos al futuro y seguir trabajando [&hellip;]","og_url":"https:\/\/www.labolife.com\/es\/renovamos-nuestra-marca-con-motivo-de-nuestro-30-aniversario\/","og_site_name":"Labo\u2019life","article_modified_time":"2023-09-18T13:19:17+00:00","og_image":[{"width":1600,"height":882,"url":"https:\/\/www.labolife.com\/wp-content\/uploads\/2022\/12\/8b28051c7d54b4f3dbb19432e7f26769_Expires167201280-1.jpg","type":"image\/jpeg"}],"twitter_card":"summary_large_image","twitter_misc":{"Tiempo de lectura":"9 minutos"},"schema":{"@context":"https:\/\/schema.org","@graph":[{"@type":"WebPage","@id":"https:\/\/www.labolife.com\/es\/renovamos-nuestra-marca-con-motivo-de-nuestro-30-aniversario\/","url":"https:\/\/www.labolife.com\/es\/renovamos-nuestra-marca-con-motivo-de-nuestro-30-aniversario\/","name":"Renovamos nuestra marca, con motivo de nuestro 30 aniversario - Labo\u2019life","isPartOf":{"@id":"https:\/\/www.labolife.com\/es\/#website"},"primaryImageOfPage":{"@id":"https:\/\/www.labolife.com\/es\/renovamos-nuestra-marca-con-motivo-de-nuestro-30-aniversario\/#primaryimage"},"image":{"@id":"https:\/\/www.labolife.com\/es\/renovamos-nuestra-marca-con-motivo-de-nuestro-30-aniversario\/#primaryimage"},"thumbnailUrl":"https:\/\/www.labolife.com\/wp-content\/uploads\/2022\/12\/8b28051c7d54b4f3dbb19432e7f26769_Expires167201280-1.jpg","datePublished":"2023-02-20T07:56:38+00:00","dateModified":"2023-09-18T13:19:17+00:00","breadcrumb":{"@id":"https:\/\/www.labolife.com\/es\/renovamos-nuestra-marca-con-motivo-de-nuestro-30-aniversario\/#breadcrumb"},"inLanguage":"es","potentialAction":[{"@type":"ReadAction","target":["https:\/\/www.labolife.com\/es\/renovamos-nuestra-marca-con-motivo-de-nuestro-30-aniversario\/"]}]},{"@type":"ImageObject","inLanguage":"es","@id":"https:\/\/www.labolife.com\/es\/renovamos-nuestra-marca-con-motivo-de-nuestro-30-aniversario\/#primaryimage","url":"https:\/\/www.labolife.com\/wp-content\/uploads\/2022\/12\/8b28051c7d54b4f3dbb19432e7f26769_Expires167201280-1.jpg","contentUrl":"https:\/\/www.labolife.com\/wp-content\/uploads\/2022\/12\/8b28051c7d54b4f3dbb19432e7f26769_Expires167201280-1.jpg","width":1600,"height":882,"caption":"Medicamentos"},{"@type":"BreadcrumbList","@id":"https:\/\/www.labolife.com\/es\/renovamos-nuestra-marca-con-motivo-de-nuestro-30-aniversario\/#breadcrumb","itemListElement":[{"@type":"ListItem","position":1,"name":"Portada","item":"https:\/\/www.labolife.com\/es\/"},{"@type":"ListItem","position":2,"name":"Renovamos nuestra marca, con motivo de nuestro 30 aniversario"}]},{"@type":"WebSite","@id":"https:\/\/www.labolife.com\/es\/#website","url":"https:\/\/www.labolife.com\/es\/","name":"Labo\u2019life","description":"","publisher":{"@id":"https:\/\/www.labolife.com\/es\/#organization"},"potentialAction":[{"@type":"SearchAction","target":{"@type":"EntryPoint","urlTemplate":"https:\/\/www.labolife.com\/es\/?s={search_term_string}"},"query-input":{"@type":"PropertyValueSpecification","valueRequired":true,"valueName":"search_term_string"}}],"inLanguage":"es"},{"@type":"Organization","@id":"https:\/\/www.labolife.com\/es\/#organization","name":"Labo\u00b4Life","url":"https:\/\/www.labolife.com\/es\/","logo":{"@type":"ImageObject","inLanguage":"es","@id":"https:\/\/www.labolife.com\/es\/#\/schema\/logo\/image\/","url":"https:\/\/www.labolife.com\/wp-content\/uploads\/2023\/11\/logo-labolife.png","contentUrl":"https:\/\/www.labolife.com\/wp-content\/uploads\/2023\/11\/logo-labolife.png","width":1148,"height":200,"caption":"Labo\u00b4Life"},"image":{"@id":"https:\/\/www.labolife.com\/es\/#\/schema\/logo\/image\/"}}]}},"_links":{"self":[{"href":"https:\/\/www.labolife.com\/es\/wp-json\/wp\/v2\/pages\/6203","targetHints":{"allow":["GET"]}}],"collection":[{"href":"https:\/\/www.labolife.com\/es\/wp-json\/wp\/v2\/pages"}],"about":[{"href":"https:\/\/www.labolife.com\/es\/wp-json\/wp\/v2\/types\/page"}],"author":[{"embeddable":true,"href":"https:\/\/www.labolife.com\/es\/wp-json\/wp\/v2\/users\/6"}],"replies":[{"embeddable":true,"href":"https:\/\/www.labolife.com\/es\/wp-json\/wp\/v2\/comments?post=6203"}],"version-history":[{"count":57,"href":"https:\/\/www.labolife.com\/es\/wp-json\/wp\/v2\/pages\/6203\/revisions"}],"predecessor-version":[{"id":10824,"href":"https:\/\/www.labolife.com\/es\/wp-json\/wp\/v2\/pages\/6203\/revisions\/10824"}],"wp:featuredmedia":[{"embeddable":true,"href":"https:\/\/www.labolife.com\/es\/wp-json\/wp\/v2\/media\/2902"}],"wp:attachment":[{"href":"https:\/\/www.labolife.com\/es\/wp-json\/wp\/v2\/media?parent=6203"}],"curies":[{"name":"wp","href":"https:\/\/api.w.org\/{rel}","templated":true}]}}